{"id":323,"date":"2025-10-06T03:38:08","date_gmt":"2025-10-06T06:38:08","guid":{"rendered":"https:\/\/fashionlook.com.br\/protese-capilar\/?page_id=323"},"modified":"2025-10-20T00:35:52","modified_gmt":"2025-10-20T03:35:52","slug":"protese-capilar","status":"publish","type":"page","link":"https:\/\/fashionlook.com.br\/protese-capilar\/protese-capilar\/","title":{"rendered":"Pr\u00f3tese Capilar"},"content":{"rendered":"\n\t<div id=\"gap-684619375\" class=\"gap-element clearfix\" style=\"display:block; height:auto;\">\n\t\t\n<style>\n#gap-684619375 {\n  padding-top: 70px;\n}\n<\/style>\n\t<\/div>\n\t\n\n<div class=\"container section-title-container\" ><h3 class=\"section-title section-title-center\"><b aria-hidden=\"true\"><\/b><span class=\"section-title-main\" >Pr\u00f3tese capilar Masculina<\/span><b aria-hidden=\"true\"><\/b><\/h3><\/div>\n\n\n  <div class=\"banner has-hover\" id=\"banner-1755525620\">\n          <div class=\"banner-inner fill\">\n        <div class=\"banner-bg fill\" >\n            <img loading=\"lazy\" decoding=\"async\" width=\"1020\" height=\"475\" src=\"https:\/\/fashionlook.com.br\/protese-capilar\/wp-content\/uploads\/2025\/10\/protese-capilar-masculina-banner.jpg\" class=\"bg attachment-large size-large\" alt=\"\" \/>                                    \n                    <\/div>\n\t\t\n        <div class=\"banner-layers container\">\n            <div class=\"fill banner-link\"><\/div>            \n\n   <div id=\"text-box-92552423\" class=\"text-box banner-layer x50 md-x50 lg-x50 y50 md-y50 lg-y50 res-text\">\n                                <div class=\"text-box-content text dark\">\n              \n              <div class=\"text-inner text-center\">\n                  \n\n\n              <\/div>\n           <\/div>\n                            \n<style>\n#text-box-92552423 {\n  width: 60%;\n}\n#text-box-92552423 .text-box-content {\n  font-size: 100%;\n}\n@media (min-width:550px) {\n  #text-box-92552423 {\n    width: 60%;\n  }\n}\n<\/style>\n    <\/div>\n \n\n        <\/div>\n      <\/div>\n\n            \n<style>\n#banner-1755525620 {\n  padding-top: 56.25%;\n}\n@media (min-width:550px) {\n  #banner-1755525620 {\n    padding-top: 500px;\n  }\n}\n<\/style>\n  <\/div>\n\n\n\t<div id=\"gap-1945618207\" class=\"gap-element clearfix\" style=\"display:block; height:auto;\">\n\t\t\n<style>\n#gap-1945618207 {\n  padding-top: 60px;\n}\n<\/style>\n\t<\/div>\n\t\n\n<span class=\"scroll-to\" data-label=\"Scroll to: #protese-masculina\" data-bullet=\"true\" data-link=\"#protese-masculina\" data-title=\"Pr\u00f3tese Masculina\"><a name=\"protese-masculina\"><\/a><\/span>\n\n\n  \n    <div class=\"row large-columns-4 medium-columns-3 small-columns-2\" >\n  <div class=\"gallery-col col\" >\n          <div class=\"col-inner\">\n            <a class=\"image-lightbox lightbox-gallery\" href=\"https:\/\/fashionlook.com.br\/protese-capilar\/wp-content\/uploads\/2025\/10\/manutencao-protese-capilar-1-1200x800.jpeg\" title=\"protese-capilar\">            <div class=\"box has-hover gallery-box box-none\">\n              <div class=\"box-image\" >\n                <img loading=\"lazy\" decoding=\"async\" width=\"600\" height=\"400\" src=\"https:\/\/fashionlook.com.br\/protese-capilar\/wp-content\/uploads\/2025\/10\/manutencao-protese-capilar-1-600x400.jpeg\" class=\"attachment-medium size-medium\" alt=\"\" ids=\"555,556,557,558,559,560,561,562\" style=\"none\" srcset=\"https:\/\/fashionlook.com.br\/protese-capilar\/wp-content\/uploads\/2025\/10\/manutencao-protese-capilar-1-600x400.jpeg 600w, https:\/\/fashionlook.com.br\/protese-capilar\/wp-content\/uploads\/2025\/10\/manutencao-protese-capilar-1-1200x800.jpeg 1200w, https:\/\/fashionlook.com.br\/protese-capilar\/wp-content\/uploads\/2025\/10\/manutencao-protese-capilar-1-768x512.jpeg 768w, https:\/\/fashionlook.com.br\/protese-capilar\/wp-content\/uploads\/2025\/10\/manutencao-protese-capilar-1-1536x1024.jpeg 1536w, https:\/\/fashionlook.com.br\/protese-capilar\/wp-content\/uploads\/2025\/10\/manutencao-protese-capilar-1.jpeg 1920w\" sizes=\"auto, (max-width: 600px) 100vw, 600px\" \/>                                                              <\/div>\n              <div class=\"box-text text-left\" >\n                 <p>protese-capilar<\/p>\n              <\/div>\n            <\/div>\n            <\/a>          <\/div>\n         <\/div><div class=\"gallery-col col\" >\n          <div class=\"col-inner\">\n            <a class=\"image-lightbox lightbox-gallery\" href=\"https:\/\/fashionlook.com.br\/protese-capilar\/wp-content\/uploads\/2025\/10\/protese-capilar-masculina-manutencao-1-1200x800.jpeg\" title=\"protese-capilar-rj\">            <div class=\"box has-hover gallery-box box-none\">\n              <div class=\"box-image\" >\n                <img loading=\"lazy\" decoding=\"async\" width=\"600\" height=\"400\" src=\"https:\/\/fashionlook.com.br\/protese-capilar\/wp-content\/uploads\/2025\/10\/protese-capilar-masculina-manutencao-1-600x400.jpeg\" class=\"attachment-medium size-medium\" alt=\"\" ids=\"555,556,557,558,559,560,561,562\" style=\"none\" srcset=\"https:\/\/fashionlook.com.br\/protese-capilar\/wp-content\/uploads\/2025\/10\/protese-capilar-masculina-manutencao-1-600x400.jpeg 600w, https:\/\/fashionlook.com.br\/protese-capilar\/wp-content\/uploads\/2025\/10\/protese-capilar-masculina-manutencao-1-1200x800.jpeg 1200w, https:\/\/fashionlook.com.br\/protese-capilar\/wp-content\/uploads\/2025\/10\/protese-capilar-masculina-manutencao-1-768x512.jpeg 768w, https:\/\/fashionlook.com.br\/protese-capilar\/wp-content\/uploads\/2025\/10\/protese-capilar-masculina-manutencao-1-1536x1024.jpeg 1536w, https:\/\/fashionlook.com.br\/protese-capilar\/wp-content\/uploads\/2025\/10\/protese-capilar-masculina-manutencao-1.jpeg 1920w\" sizes=\"auto, (max-width: 600px) 100vw, 600px\" \/>                                                              <\/div>\n              <div class=\"box-text text-left\" >\n                 <p>protese-capilar-rj<\/p>\n              <\/div>\n            <\/div>\n            <\/a>          <\/div>\n         <\/div><div class=\"gallery-col col\" >\n          <div class=\"col-inner\">\n            <a class=\"image-lightbox lightbox-gallery\" href=\"https:\/\/fashionlook.com.br\/protese-capilar\/wp-content\/uploads\/2025\/10\/protese-capilar-masculina-1-1200x800.jpeg\" title=\"protese-capilar-rio\">            <div class=\"box has-hover gallery-box box-none\">\n              <div class=\"box-image\" >\n                <img loading=\"lazy\" decoding=\"async\" width=\"600\" height=\"400\" src=\"https:\/\/fashionlook.com.br\/protese-capilar\/wp-content\/uploads\/2025\/10\/protese-capilar-masculina-1-600x400.jpeg\" class=\"attachment-medium size-medium\" alt=\"\" ids=\"555,556,557,558,559,560,561,562\" style=\"none\" srcset=\"https:\/\/fashionlook.com.br\/protese-capilar\/wp-content\/uploads\/2025\/10\/protese-capilar-masculina-1-600x400.jpeg 600w, https:\/\/fashionlook.com.br\/protese-capilar\/wp-content\/uploads\/2025\/10\/protese-capilar-masculina-1-1200x800.jpeg 1200w, https:\/\/fashionlook.com.br\/protese-capilar\/wp-content\/uploads\/2025\/10\/protese-capilar-masculina-1-768x512.jpeg 768w, https:\/\/fashionlook.com.br\/protese-capilar\/wp-content\/uploads\/2025\/10\/protese-capilar-masculina-1-1536x1024.jpeg 1536w, https:\/\/fashionlook.com.br\/protese-capilar\/wp-content\/uploads\/2025\/10\/protese-capilar-masculina-1.jpeg 1920w\" sizes=\"auto, (max-width: 600px) 100vw, 600px\" \/>                                                              <\/div>\n              <div class=\"box-text text-left\" >\n                 <p>protese-capilar-rio<\/p>\n              <\/div>\n            <\/div>\n            <\/a>          <\/div>\n         <\/div><div class=\"gallery-col col\" >\n          <div class=\"col-inner\">\n            <a class=\"image-lightbox lightbox-gallery\" href=\"https:\/\/fashionlook.com.br\/protese-capilar\/wp-content\/uploads\/2025\/10\/protese-capilar-natural-1-1200x800.jpeg\" title=\"protese-capilar-natural\">            <div class=\"box has-hover gallery-box box-none\">\n              <div class=\"box-image\" >\n                <img loading=\"lazy\" decoding=\"async\" width=\"600\" height=\"400\" src=\"https:\/\/fashionlook.com.br\/protese-capilar\/wp-content\/uploads\/2025\/10\/protese-capilar-natural-1-600x400.jpeg\" class=\"attachment-medium size-medium\" alt=\"\" ids=\"555,556,557,558,559,560,561,562\" style=\"none\" srcset=\"https:\/\/fashionlook.com.br\/protese-capilar\/wp-content\/uploads\/2025\/10\/protese-capilar-natural-1-600x400.jpeg 600w, https:\/\/fashionlook.com.br\/protese-capilar\/wp-content\/uploads\/2025\/10\/protese-capilar-natural-1-1200x800.jpeg 1200w, https:\/\/fashionlook.com.br\/protese-capilar\/wp-content\/uploads\/2025\/10\/protese-capilar-natural-1-768x512.jpeg 768w, https:\/\/fashionlook.com.br\/protese-capilar\/wp-content\/uploads\/2025\/10\/protese-capilar-natural-1-1536x1024.jpeg 1536w, https:\/\/fashionlook.com.br\/protese-capilar\/wp-content\/uploads\/2025\/10\/protese-capilar-natural-1.jpeg 1920w\" sizes=\"auto, (max-width: 600px) 100vw, 600px\" \/>                                                              <\/div>\n              <div class=\"box-text text-left\" >\n                 <p>protese-capilar-natural<\/p>\n              <\/div>\n            <\/div>\n            <\/a>          <\/div>\n         <\/div><div class=\"gallery-col col\" >\n          <div class=\"col-inner\">\n            <a class=\"image-lightbox lightbox-gallery\" href=\"https:\/\/fashionlook.com.br\/protese-capilar\/wp-content\/uploads\/2025\/10\/protese-capilar-no-rj-1-1200x800.jpeg\" title=\"protese-capilar-barata\">            <div class=\"box has-hover gallery-box box-none\">\n              <div class=\"box-image\" >\n                <img loading=\"lazy\" decoding=\"async\" width=\"600\" height=\"400\" src=\"https:\/\/fashionlook.com.br\/protese-capilar\/wp-content\/uploads\/2025\/10\/protese-capilar-no-rj-1-600x400.jpeg\" class=\"attachment-medium size-medium\" alt=\"\" ids=\"555,556,557,558,559,560,561,562\" style=\"none\" srcset=\"https:\/\/fashionlook.com.br\/protese-capilar\/wp-content\/uploads\/2025\/10\/protese-capilar-no-rj-1-600x400.jpeg 600w, https:\/\/fashionlook.com.br\/protese-capilar\/wp-content\/uploads\/2025\/10\/protese-capilar-no-rj-1-1200x800.jpeg 1200w, https:\/\/fashionlook.com.br\/protese-capilar\/wp-content\/uploads\/2025\/10\/protese-capilar-no-rj-1-768x512.jpeg 768w, https:\/\/fashionlook.com.br\/protese-capilar\/wp-content\/uploads\/2025\/10\/protese-capilar-no-rj-1-1536x1024.jpeg 1536w, https:\/\/fashionlook.com.br\/protese-capilar\/wp-content\/uploads\/2025\/10\/protese-capilar-no-rj-1.jpeg 1920w\" sizes=\"auto, (max-width: 600px) 100vw, 600px\" \/>                                                              <\/div>\n              <div class=\"box-text text-left\" >\n                 <p>protese-capilar-barata<\/p>\n              <\/div>\n            <\/div>\n            <\/a>          <\/div>\n         <\/div><div class=\"gallery-col col\" >\n          <div class=\"col-inner\">\n            <a class=\"image-lightbox lightbox-gallery\" href=\"https:\/\/fashionlook.com.br\/protese-capilar\/wp-content\/uploads\/2025\/10\/protese-capilar-rio-de-janeiro-1-1200x800.jpeg\" title=\"protese-capilar-original\">            <div class=\"box has-hover gallery-box box-none\">\n              <div class=\"box-image\" >\n                <img loading=\"lazy\" decoding=\"async\" width=\"600\" height=\"400\" src=\"https:\/\/fashionlook.com.br\/protese-capilar\/wp-content\/uploads\/2025\/10\/protese-capilar-rio-de-janeiro-1-600x400.jpeg\" class=\"attachment-medium size-medium\" alt=\"\" ids=\"555,556,557,558,559,560,561,562\" style=\"none\" srcset=\"https:\/\/fashionlook.com.br\/protese-capilar\/wp-content\/uploads\/2025\/10\/protese-capilar-rio-de-janeiro-1-600x400.jpeg 600w, https:\/\/fashionlook.com.br\/protese-capilar\/wp-content\/uploads\/2025\/10\/protese-capilar-rio-de-janeiro-1-1200x800.jpeg 1200w, https:\/\/fashionlook.com.br\/protese-capilar\/wp-content\/uploads\/2025\/10\/protese-capilar-rio-de-janeiro-1-768x512.jpeg 768w, https:\/\/fashionlook.com.br\/protese-capilar\/wp-content\/uploads\/2025\/10\/protese-capilar-rio-de-janeiro-1-1536x1024.jpeg 1536w, https:\/\/fashionlook.com.br\/protese-capilar\/wp-content\/uploads\/2025\/10\/protese-capilar-rio-de-janeiro-1.jpeg 1920w\" sizes=\"auto, (max-width: 600px) 100vw, 600px\" \/>                                                              <\/div>\n              <div class=\"box-text text-left\" >\n                 <p>protese-capilar-original<\/p>\n              <\/div>\n            <\/div>\n            <\/a>          <\/div>\n         <\/div><div class=\"gallery-col col\" >\n          <div class=\"col-inner\">\n            <a class=\"image-lightbox lightbox-gallery\" href=\"https:\/\/fashionlook.com.br\/protese-capilar\/wp-content\/uploads\/2025\/10\/protese-capilar-rio-1-1200x800.jpeg\" title=\"protese-capilar-masculina\">            <div class=\"box has-hover gallery-box box-none\">\n              <div class=\"box-image\" >\n                <img loading=\"lazy\" decoding=\"async\" width=\"600\" height=\"400\" src=\"https:\/\/fashionlook.com.br\/protese-capilar\/wp-content\/uploads\/2025\/10\/protese-capilar-rio-1-600x400.jpeg\" class=\"attachment-medium size-medium\" alt=\"\" ids=\"555,556,557,558,559,560,561,562\" style=\"none\" srcset=\"https:\/\/fashionlook.com.br\/protese-capilar\/wp-content\/uploads\/2025\/10\/protese-capilar-rio-1-600x400.jpeg 600w, https:\/\/fashionlook.com.br\/protese-capilar\/wp-content\/uploads\/2025\/10\/protese-capilar-rio-1-1200x800.jpeg 1200w, https:\/\/fashionlook.com.br\/protese-capilar\/wp-content\/uploads\/2025\/10\/protese-capilar-rio-1-768x512.jpeg 768w, https:\/\/fashionlook.com.br\/protese-capilar\/wp-content\/uploads\/2025\/10\/protese-capilar-rio-1-1536x1024.jpeg 1536w, https:\/\/fashionlook.com.br\/protese-capilar\/wp-content\/uploads\/2025\/10\/protese-capilar-rio-1.jpeg 1920w\" sizes=\"auto, (max-width: 600px) 100vw, 600px\" \/>                                                              <\/div>\n              <div class=\"box-text text-left\" >\n                 <p>protese-capilar-masculina<\/p>\n              <\/div>\n            <\/div>\n            <\/a>          <\/div>\n         <\/div><div class=\"gallery-col col\" >\n          <div class=\"col-inner\">\n            <a class=\"image-lightbox lightbox-gallery\" href=\"https:\/\/fashionlook.com.br\/protese-capilar\/wp-content\/uploads\/2025\/10\/protese-capilar-1-1200x800.jpeg\" title=\"protese-capilar-black-friday\">            <div class=\"box has-hover gallery-box box-none\">\n              <div class=\"box-image\" >\n                <img loading=\"lazy\" decoding=\"async\" width=\"600\" height=\"400\" src=\"https:\/\/fashionlook.com.br\/protese-capilar\/wp-content\/uploads\/2025\/10\/protese-capilar-1-600x400.jpeg\" class=\"attachment-medium size-medium\" alt=\"\" ids=\"555,556,557,558,559,560,561,562\" style=\"none\" srcset=\"https:\/\/fashionlook.com.br\/protese-capilar\/wp-content\/uploads\/2025\/10\/protese-capilar-1-600x400.jpeg 600w, https:\/\/fashionlook.com.br\/protese-capilar\/wp-content\/uploads\/2025\/10\/protese-capilar-1-1200x800.jpeg 1200w, https:\/\/fashionlook.com.br\/protese-capilar\/wp-content\/uploads\/2025\/10\/protese-capilar-1-768x512.jpeg 768w, https:\/\/fashionlook.com.br\/protese-capilar\/wp-content\/uploads\/2025\/10\/protese-capilar-1-1536x1024.jpeg 1536w, https:\/\/fashionlook.com.br\/protese-capilar\/wp-content\/uploads\/2025\/10\/protese-capilar-1.jpeg 1920w\" sizes=\"auto, (max-width: 600px) 100vw, 600px\" \/>                                                              <\/div>\n              <div class=\"box-text text-left\" >\n                 <p>protese-capilar-black-friday<\/p>\n              <\/div>\n            <\/div>\n            <\/a>          <\/div>\n         <\/div><\/div>\n\n<div class=\"message-box relative dark\" style=\"padding-top:15px;padding-bottom:15px;\"><div class=\"message-box-bg-image bg-fill fill\" ><\/div><div class=\"message-box-bg-overlay bg-fill fill\" style=\"background-color:rgb(123, 142, 131);\"><\/div><div class=\"container relative\"><div class=\"inner last-reset\">\n\n<div class=\"row align-middle align-center\"  id=\"row-1593631169\">\n\n\n\t<div id=\"col-1662141657\" class=\"col medium-9 small-12 large-9\"  >\n\t\t\t\t<div class=\"col-inner\"  >\n\t\t\t\n\t\t\t\n\n<p>Agende sua avalia\u00e7\u00e3o sem compromisso e conhe\u00e7a nossas pr\u00f3teses capilares 100% humanas.<br data-start=\"86\" data-end=\"89\" \/>Recupere sua autoestima com naturalidade e conforto!<\/p>\n\t<div id=\"gap-1409421575\" class=\"gap-element clearfix\" style=\"display:block; height:auto;\">\n\t\t\n<style>\n#gap-1409421575 {\n  padding-top: 30px;\n}\n<\/style>\n\t<\/div>\n\t\n\n\n\t\t<\/div>\n\t\t\t\t\t<\/div>\n\n\t\n\n\t<div id=\"col-1469160393\" class=\"col medium-2 small-12 large-2\"  >\n\t\t\t\t<div class=\"col-inner text-center\"  >\n\t\t\t\n\t\t\t\n\n<a href=\"https:\/\/api.whatsapp.com\/send?l=pt-BR&#038;phone=5521989432403&#038;text=Gostaria%20de%20um%20or%C3%A7amento\" target=\"_blank\" class=\"button white is-outline\" rel=\"noopener\" style=\"border-radius:99px;\">\n\t\t<span>AGENDAR<\/span>\n\t<\/a>\n\n\n\n\t\t<\/div>\n\t\t\t\t\t<\/div>\n\n\t\n\n<\/div>\n\n<\/div><\/div><\/div>\n\t<div id=\"gap-1428321998\" class=\"gap-element clearfix\" style=\"display:block; height:auto;\">\n\t\t\n<style>\n#gap-1428321998 {\n  padding-top: 90px;\n}\n<\/style>\n\t<\/div>\n\t\n\n<div class=\"container section-title-container\" ><h3 class=\"section-title section-title-center\"><b aria-hidden=\"true\"><\/b><span class=\"section-title-main\" >Pr\u00f3tese capilar Feminina<\/span><b aria-hidden=\"true\"><\/b><\/h3><\/div>\n\n\n  <div class=\"banner has-hover\" id=\"banner-539620166\">\n          <div class=\"banner-inner fill\">\n        <div class=\"banner-bg fill\" >\n            <img loading=\"lazy\" decoding=\"async\" width=\"1020\" height=\"475\" src=\"https:\/\/fashionlook.com.br\/protese-capilar\/wp-content\/uploads\/2025\/10\/protese-capilar-feminina-banner.jpg\" class=\"bg attachment-large size-large\" alt=\"\" \/>                                    \n                    <\/div>\n\t\t\n        <div class=\"banner-layers container\">\n            <div class=\"fill banner-link\"><\/div>            \n\n   <div id=\"text-box-1845032891\" class=\"text-box banner-layer x50 md-x50 lg-x50 y50 md-y50 lg-y50 res-text\">\n                                <div class=\"text-box-content text dark\">\n              \n              <div class=\"text-inner text-center\">\n                  \n\n\n              <\/div>\n           <\/div>\n                            \n<style>\n#text-box-1845032891 {\n  width: 60%;\n}\n#text-box-1845032891 .text-box-content {\n  font-size: 100%;\n}\n@media (min-width:550px) {\n  #text-box-1845032891 {\n    width: 60%;\n  }\n}\n<\/style>\n    <\/div>\n \n\n        <\/div>\n      <\/div>\n\n            \n<style>\n#banner-539620166 {\n  padding-top: 56.25%;\n}\n@media (min-width:550px) {\n  #banner-539620166 {\n    padding-top: 500px;\n  }\n}\n<\/style>\n  <\/div>\n\n\n\t<div id=\"gap-183533997\" class=\"gap-element clearfix\" style=\"display:block; height:auto;\">\n\t\t\n<style>\n#gap-183533997 {\n  padding-top: 60px;\n}\n<\/style>\n\t<\/div>\n\t\n\n<span class=\"scroll-to\" data-label=\"Scroll to: #protese-feminina\" data-bullet=\"true\" data-link=\"#protese-feminina\" data-title=\"Pr\u00f3tese Feminina\"><a name=\"protese-feminina\"><\/a><\/span>\n\n\n  \n    <div class=\"row large-columns-4 medium-columns-3 small-columns-2\" >\n  <div class=\"gallery-col col\" >\n          <div class=\"col-inner\">\n            <a class=\"image-lightbox lightbox-gallery\" href=\"https:\/\/fashionlook.com.br\/protese-capilar\/wp-content\/uploads\/2025\/10\/protese-capilar-fem-manutencao-1-1200x800.jpeg\" title=\"protese-capilar-feminina\">            <div class=\"box has-hover gallery-box box-none\">\n              <div class=\"box-image\" >\n                <img loading=\"lazy\" decoding=\"async\" width=\"600\" height=\"400\" src=\"https:\/\/fashionlook.com.br\/protese-capilar\/wp-content\/uploads\/2025\/10\/protese-capilar-fem-manutencao-1-600x400.jpeg\" class=\"attachment-medium size-medium\" alt=\"\" ids=\"563,564,565,566,567,568,569,570\" style=\"none\" srcset=\"https:\/\/fashionlook.com.br\/protese-capilar\/wp-content\/uploads\/2025\/10\/protese-capilar-fem-manutencao-1-600x400.jpeg 600w, https:\/\/fashionlook.com.br\/protese-capilar\/wp-content\/uploads\/2025\/10\/protese-capilar-fem-manutencao-1-1200x800.jpeg 1200w, https:\/\/fashionlook.com.br\/protese-capilar\/wp-content\/uploads\/2025\/10\/protese-capilar-fem-manutencao-1-768x512.jpeg 768w, https:\/\/fashionlook.com.br\/protese-capilar\/wp-content\/uploads\/2025\/10\/protese-capilar-fem-manutencao-1-1536x1024.jpeg 1536w, https:\/\/fashionlook.com.br\/protese-capilar\/wp-content\/uploads\/2025\/10\/protese-capilar-fem-manutencao-1.jpeg 1920w\" sizes=\"auto, (max-width: 600px) 100vw, 600px\" \/>                                                              <\/div>\n              <div class=\"box-text text-left\" >\n                 <p>protese-capilar-feminina<\/p>\n              <\/div>\n            <\/div>\n            <\/a>          <\/div>\n         <\/div><div class=\"gallery-col col\" >\n          <div class=\"col-inner\">\n            <a class=\"image-lightbox lightbox-gallery\" href=\"https:\/\/fashionlook.com.br\/protese-capilar\/wp-content\/uploads\/2025\/10\/protese-capilar-feminin-manutencao-1-1200x800.jpeg\" title=\"protese-capilar-feminina-rj\">            <div class=\"box has-hover gallery-box box-none\">\n              <div class=\"box-image\" >\n                <img loading=\"lazy\" decoding=\"async\" width=\"600\" height=\"400\" src=\"https:\/\/fashionlook.com.br\/protese-capilar\/wp-content\/uploads\/2025\/10\/protese-capilar-feminin-manutencao-1-600x400.jpeg\" class=\"attachment-medium size-medium\" alt=\"\" ids=\"563,564,565,566,567,568,569,570\" style=\"none\" srcset=\"https:\/\/fashionlook.com.br\/protese-capilar\/wp-content\/uploads\/2025\/10\/protese-capilar-feminin-manutencao-1-600x400.jpeg 600w, https:\/\/fashionlook.com.br\/protese-capilar\/wp-content\/uploads\/2025\/10\/protese-capilar-feminin-manutencao-1-1200x800.jpeg 1200w, https:\/\/fashionlook.com.br\/protese-capilar\/wp-content\/uploads\/2025\/10\/protese-capilar-feminin-manutencao-1-768x512.jpeg 768w, https:\/\/fashionlook.com.br\/protese-capilar\/wp-content\/uploads\/2025\/10\/protese-capilar-feminin-manutencao-1-1536x1024.jpeg 1536w, https:\/\/fashionlook.com.br\/protese-capilar\/wp-content\/uploads\/2025\/10\/protese-capilar-feminin-manutencao-1.jpeg 1920w\" sizes=\"auto, (max-width: 600px) 100vw, 600px\" \/>                                                              <\/div>\n              <div class=\"box-text text-left\" >\n                 <p>protese-capilar-feminina-rj<\/p>\n              <\/div>\n            <\/div>\n            <\/a>          <\/div>\n         <\/div><div class=\"gallery-col col\" >\n          <div class=\"col-inner\">\n            <a class=\"image-lightbox lightbox-gallery\" href=\"https:\/\/fashionlook.com.br\/protese-capilar\/wp-content\/uploads\/2025\/10\/protese-capilar-feminina-1-1-1200x800.jpeg\" title=\"protese-capilar-feminina-rio\">            <div class=\"box has-hover gallery-box box-none\">\n              <div class=\"box-image\" >\n                <img loading=\"lazy\" decoding=\"async\" width=\"600\" height=\"400\" src=\"https:\/\/fashionlook.com.br\/protese-capilar\/wp-content\/uploads\/2025\/10\/protese-capilar-feminina-1-1-600x400.jpeg\" class=\"attachment-medium size-medium\" alt=\"\" ids=\"563,564,565,566,567,568,569,570\" style=\"none\" srcset=\"https:\/\/fashionlook.com.br\/protese-capilar\/wp-content\/uploads\/2025\/10\/protese-capilar-feminina-1-1-600x400.jpeg 600w, https:\/\/fashionlook.com.br\/protese-capilar\/wp-content\/uploads\/2025\/10\/protese-capilar-feminina-1-1-1200x800.jpeg 1200w, https:\/\/fashionlook.com.br\/protese-capilar\/wp-content\/uploads\/2025\/10\/protese-capilar-feminina-1-1-768x512.jpeg 768w, https:\/\/fashionlook.com.br\/protese-capilar\/wp-content\/uploads\/2025\/10\/protese-capilar-feminina-1-1-1536x1024.jpeg 1536w, https:\/\/fashionlook.com.br\/protese-capilar\/wp-content\/uploads\/2025\/10\/protese-capilar-feminina-1-1.jpeg 1920w\" sizes=\"auto, (max-width: 600px) 100vw, 600px\" \/>                                                              <\/div>\n              <div class=\"box-text text-left\" >\n                 <p>protese-capilar-feminina-rio<\/p>\n              <\/div>\n            <\/div>\n            <\/a>          <\/div>\n         <\/div><div class=\"gallery-col col\" >\n          <div class=\"col-inner\">\n            <a class=\"image-lightbox lightbox-gallery\" href=\"https:\/\/fashionlook.com.br\/protese-capilar\/wp-content\/uploads\/2025\/10\/protese-capilar-feminina-rio-de-janeiro-1-1200x800.jpeg\" title=\"protese-capilar-feminina-barata\">            <div class=\"box has-hover gallery-box box-none\">\n              <div class=\"box-image\" >\n                <img loading=\"lazy\" decoding=\"async\" width=\"600\" height=\"400\" src=\"https:\/\/fashionlook.com.br\/protese-capilar\/wp-content\/uploads\/2025\/10\/protese-capilar-feminina-rio-de-janeiro-1-600x400.jpeg\" class=\"attachment-medium size-medium\" alt=\"\" ids=\"563,564,565,566,567,568,569,570\" style=\"none\" srcset=\"https:\/\/fashionlook.com.br\/protese-capilar\/wp-content\/uploads\/2025\/10\/protese-capilar-feminina-rio-de-janeiro-1-600x400.jpeg 600w, https:\/\/fashionlook.com.br\/protese-capilar\/wp-content\/uploads\/2025\/10\/protese-capilar-feminina-rio-de-janeiro-1-1200x800.jpeg 1200w, https:\/\/fashionlook.com.br\/protese-capilar\/wp-content\/uploads\/2025\/10\/protese-capilar-feminina-rio-de-janeiro-1-768x512.jpeg 768w, https:\/\/fashionlook.com.br\/protese-capilar\/wp-content\/uploads\/2025\/10\/protese-capilar-feminina-rio-de-janeiro-1-1536x1024.jpeg 1536w, https:\/\/fashionlook.com.br\/protese-capilar\/wp-content\/uploads\/2025\/10\/protese-capilar-feminina-rio-de-janeiro-1.jpeg 1920w\" sizes=\"auto, (max-width: 600px) 100vw, 600px\" \/>                                                              <\/div>\n              <div class=\"box-text text-left\" >\n                 <p>protese-capilar-feminina-barata<\/p>\n              <\/div>\n            <\/div>\n            <\/a>          <\/div>\n         <\/div><div class=\"gallery-col col\" >\n          <div class=\"col-inner\">\n            <a class=\"image-lightbox lightbox-gallery\" href=\"https:\/\/fashionlook.com.br\/protese-capilar\/wp-content\/uploads\/2025\/10\/protese-capilar-feminina-rio-1-1200x800.jpeg\" title=\"protese-capilar-feminina-parcelada\">            <div class=\"box has-hover gallery-box box-none\">\n              <div class=\"box-image\" >\n                <img loading=\"lazy\" decoding=\"async\" width=\"600\" height=\"400\" src=\"https:\/\/fashionlook.com.br\/protese-capilar\/wp-content\/uploads\/2025\/10\/protese-capilar-feminina-rio-1-600x400.jpeg\" class=\"attachment-medium size-medium\" alt=\"\" ids=\"563,564,565,566,567,568,569,570\" style=\"none\" srcset=\"https:\/\/fashionlook.com.br\/protese-capilar\/wp-content\/uploads\/2025\/10\/protese-capilar-feminina-rio-1-600x400.jpeg 600w, https:\/\/fashionlook.com.br\/protese-capilar\/wp-content\/uploads\/2025\/10\/protese-capilar-feminina-rio-1-1200x800.jpeg 1200w, https:\/\/fashionlook.com.br\/protese-capilar\/wp-content\/uploads\/2025\/10\/protese-capilar-feminina-rio-1-768x512.jpeg 768w, https:\/\/fashionlook.com.br\/protese-capilar\/wp-content\/uploads\/2025\/10\/protese-capilar-feminina-rio-1-1536x1024.jpeg 1536w, https:\/\/fashionlook.com.br\/protese-capilar\/wp-content\/uploads\/2025\/10\/protese-capilar-feminina-rio-1.jpeg 1920w\" sizes=\"auto, (max-width: 600px) 100vw, 600px\" \/>                                                              <\/div>\n              <div class=\"box-text text-left\" >\n                 <p>protese-capilar-feminina-parcelada<\/p>\n              <\/div>\n            <\/div>\n            <\/a>          <\/div>\n         <\/div><div class=\"gallery-col col\" >\n          <div class=\"col-inner\">\n            <a class=\"image-lightbox lightbox-gallery\" href=\"https:\/\/fashionlook.com.br\/protese-capilar\/wp-content\/uploads\/2025\/10\/protese-capilar-feminina-rj-1-1200x800.jpeg\" title=\"protese-capilar-feminina-natural\">            <div class=\"box has-hover gallery-box box-none\">\n              <div class=\"box-image\" >\n                <img loading=\"lazy\" decoding=\"async\" width=\"600\" height=\"400\" src=\"https:\/\/fashionlook.com.br\/protese-capilar\/wp-content\/uploads\/2025\/10\/protese-capilar-feminina-rj-1-600x400.jpeg\" class=\"attachment-medium size-medium\" alt=\"\" ids=\"563,564,565,566,567,568,569,570\" style=\"none\" srcset=\"https:\/\/fashionlook.com.br\/protese-capilar\/wp-content\/uploads\/2025\/10\/protese-capilar-feminina-rj-1-600x400.jpeg 600w, https:\/\/fashionlook.com.br\/protese-capilar\/wp-content\/uploads\/2025\/10\/protese-capilar-feminina-rj-1-1200x800.jpeg 1200w, https:\/\/fashionlook.com.br\/protese-capilar\/wp-content\/uploads\/2025\/10\/protese-capilar-feminina-rj-1-768x512.jpeg 768w, https:\/\/fashionlook.com.br\/protese-capilar\/wp-content\/uploads\/2025\/10\/protese-capilar-feminina-rj-1-1536x1024.jpeg 1536w, https:\/\/fashionlook.com.br\/protese-capilar\/wp-content\/uploads\/2025\/10\/protese-capilar-feminina-rj-1.jpeg 1920w\" sizes=\"auto, (max-width: 600px) 100vw, 600px\" \/>                                                              <\/div>\n              <div class=\"box-text text-left\" >\n                 <p>protese-capilar-feminina-natural<\/p>\n              <\/div>\n            <\/div>\n            <\/a>          <\/div>\n         <\/div><div class=\"gallery-col col\" >\n          <div class=\"col-inner\">\n            <a class=\"image-lightbox lightbox-gallery\" href=\"https:\/\/fashionlook.com.br\/protese-capilar\/wp-content\/uploads\/2025\/10\/protese-capilar-feminina-1-1200x800.jpeg\" title=\"protese-capilar-feminina-humana\">            <div class=\"box has-hover gallery-box box-none\">\n              <div class=\"box-image\" >\n                <img loading=\"lazy\" decoding=\"async\" width=\"600\" height=\"400\" src=\"https:\/\/fashionlook.com.br\/protese-capilar\/wp-content\/uploads\/2025\/10\/protese-capilar-feminina-1-600x400.jpeg\" class=\"attachment-medium size-medium\" alt=\"\" ids=\"563,564,565,566,567,568,569,570\" style=\"none\" srcset=\"https:\/\/fashionlook.com.br\/protese-capilar\/wp-content\/uploads\/2025\/10\/protese-capilar-feminina-1-600x400.jpeg 600w, https:\/\/fashionlook.com.br\/protese-capilar\/wp-content\/uploads\/2025\/10\/protese-capilar-feminina-1-1200x800.jpeg 1200w, https:\/\/fashionlook.com.br\/protese-capilar\/wp-content\/uploads\/2025\/10\/protese-capilar-feminina-1-768x512.jpeg 768w, https:\/\/fashionlook.com.br\/protese-capilar\/wp-content\/uploads\/2025\/10\/protese-capilar-feminina-1-1536x1024.jpeg 1536w, https:\/\/fashionlook.com.br\/protese-capilar\/wp-content\/uploads\/2025\/10\/protese-capilar-feminina-1.jpeg 1920w\" sizes=\"auto, (max-width: 600px) 100vw, 600px\" \/>                                                              <\/div>\n              <div class=\"box-text text-left\" >\n                 <p>protese-capilar-feminina-humana<\/p>\n              <\/div>\n            <\/div>\n            <\/a>          <\/div>\n         <\/div><div class=\"gallery-col col\" >\n          <div class=\"col-inner\">\n            <a class=\"image-lightbox lightbox-gallery\" href=\"https:\/\/fashionlook.com.br\/protese-capilar\/wp-content\/uploads\/2025\/10\/protese-capilar-masculina-rio-1-1200x800.jpeg\" title=\"protese-capilar-feminina-black-friday\">            <div class=\"box has-hover gallery-box box-none\">\n              <div class=\"box-image\" >\n                <img loading=\"lazy\" decoding=\"async\" width=\"600\" height=\"400\" src=\"https:\/\/fashionlook.com.br\/protese-capilar\/wp-content\/uploads\/2025\/10\/protese-capilar-masculina-rio-1-600x400.jpeg\" class=\"attachment-medium size-medium\" alt=\"\" ids=\"563,564,565,566,567,568,569,570\" style=\"none\" srcset=\"https:\/\/fashionlook.com.br\/protese-capilar\/wp-content\/uploads\/2025\/10\/protese-capilar-masculina-rio-1-600x400.jpeg 600w, https:\/\/fashionlook.com.br\/protese-capilar\/wp-content\/uploads\/2025\/10\/protese-capilar-masculina-rio-1-1200x800.jpeg 1200w, https:\/\/fashionlook.com.br\/protese-capilar\/wp-content\/uploads\/2025\/10\/protese-capilar-masculina-rio-1-768x512.jpeg 768w, https:\/\/fashionlook.com.br\/protese-capilar\/wp-content\/uploads\/2025\/10\/protese-capilar-masculina-rio-1-1536x1024.jpeg 1536w, https:\/\/fashionlook.com.br\/protese-capilar\/wp-content\/uploads\/2025\/10\/protese-capilar-masculina-rio-1.jpeg 1920w\" sizes=\"auto, (max-width: 600px) 100vw, 600px\" \/>                                                              <\/div>\n              <div class=\"box-text text-left\" >\n                 <p>protese-capilar-feminina-black-friday<\/p>\n              <\/div>\n            <\/div>\n            <\/a>          <\/div>\n         <\/div><\/div>\n\n<div class=\"message-box relative dark\" style=\"padding-top:15px;padding-bottom:15px;\"><div class=\"message-box-bg-image bg-fill fill\" ><\/div><div class=\"message-box-bg-overlay bg-fill fill\" style=\"background-color:rgb(123, 142, 131);\"><\/div><div class=\"container relative\"><div class=\"inner last-reset\">\n\n<div class=\"row align-middle align-center\"  id=\"row-745964671\">\n\n\n\t<div id=\"col-1027391019\" class=\"col medium-9 small-12 large-9\"  >\n\t\t\t\t<div class=\"col-inner\"  >\n\t\t\t\n\t\t\t\n\n\t<div id=\"text-1339181411\" class=\"text\">\n\t\t\n\n<p>Agende sua avalia\u00e7\u00e3o sem compromisso e conhe\u00e7a nossas pr\u00f3teses capilares 100% humanas.<br data-start=\"86\" data-end=\"89\" \/>Recupere sua autoestima com naturalidade e conforto!<\/p>\n\t\t\n<style>\n#text-1339181411 {\n  color: rgb(255, 255, 255);\n}\n#text-1339181411 > * {\n  color: rgb(255, 255, 255);\n}\n<\/style>\n\t<\/div>\n\t\n\t<div id=\"gap-370642563\" class=\"gap-element clearfix\" style=\"display:block; height:auto;\">\n\t\t\n<style>\n#gap-370642563 {\n  padding-top: 30px;\n}\n<\/style>\n\t<\/div>\n\t\n\n\n\t\t<\/div>\n\t\t\t\t\t<\/div>\n\n\t\n\n\t<div id=\"col-1250799797\" class=\"col medium-2 small-12 large-2\"  >\n\t\t\t\t<div class=\"col-inner text-center\"  >\n\t\t\t\n\t\t\t\n\n<a href=\"https:\/\/api.whatsapp.com\/send?l=pt-BR&#038;phone=5521989432403&#038;text=Gostaria%20de%20um%20or%C3%A7amento\" target=\"_blank\" class=\"button white is-outline\" rel=\"noopener\" style=\"border-radius:99px;\">\n\t\t<span>AGENDAR<\/span>\n\t<\/a>\n\n\n\n\t\t<\/div>\n\t\t\t\t\t<\/div>\n\n\t\n\n<\/div>\n\n<\/div><\/div><\/div>\n\t<div id=\"gap-1279899328\" class=\"gap-element clearfix\" style=\"display:block; height:auto;\">\n\t\t\n<style>\n#gap-1279899328 {\n  padding-top: 70px;\n}\n<\/style>\n\t<\/div>\n\t\n\n<div class=\"container section-title-container\" ><h3 class=\"section-title section-title-center\"><b aria-hidden=\"true\"><\/b><span class=\"section-title-main\" >MANUTEN\u00c7\u00c3O<\/span><b aria-hidden=\"true\"><\/b><\/h3><\/div>\n\n<span class=\"scroll-to\" data-label=\"Scroll to: #manutencao\" data-bullet=\"true\" data-link=\"#manutencao\" data-title=\"Manuten\u00e7\u00e3o\"><a name=\"manutencao\"><\/a><\/span>\n\n\n\t<section class=\"section\" id=\"section_1164486422\">\n\t\t<div class=\"section-bg fill\" >\n\t\t\t\t\t\t\t\t\t\n\t\t\t\n\t<div class=\"is-border\"\n\t\tstyle=\"border-color:rgb(235, 235, 235);border-width:1px 0px 0px 0px;\">\n\t<\/div>\n\n\t\t<\/div>\n\n\t\t\n\n\t\t<div class=\"section-content relative\">\n\t\t\t\n\n<div class=\"row row-large align-middle align-center\"  id=\"row-1126536067\">\n\n\n\t<div id=\"col-1124422355\" class=\"col medium-6 small-12 large-6\"  >\n\t\t\t\t<div class=\"col-inner text-center\"  >\n\t\t\t\n\t\t\t\n\n<h2 class=\"uppercase\" style=\"text-align: left;\">MANUTEN\u00c7\u00c3O<\/h2>\n<p style=\"text-align: left;\">Na\u00a0<strong data-start=\"3\" data-end=\"19\">Fashion Look<\/strong>, a\u00a0<strong data-start=\"23\" data-end=\"60\">manuten\u00e7\u00e3o das pr\u00f3teses capilares<\/strong>\u00a0\u00e9 feita com todo cuidado para preservar o conforto, a fixa\u00e7\u00e3o e o visual natural.<br data-start=\"142\" data-end=\"145\" \/>Utilizamos produtos de alta qualidade e t\u00e9cnicas profissionais.<br data-start=\"208\" data-end=\"211\" \/>Assim, sua pr\u00f3tese permanece\u00a0<strong data-start=\"240\" data-end=\"277\">bonita, segura e sempre como nova<\/strong>.<\/p>\n<a href=\"https:\/\/api.whatsapp.com\/send?l=pt-BR&#038;phone=5521989432403&#038;text=Gostaria%20de%20um%20or%C3%A7amento\" target=\"_blank\" class=\"button secondary\" rel=\"noopener\" style=\"border-radius:10px;\">\n\t\t<span>AGENDAR MANUTEN\u00c7\u00c2O<\/span>\n\t<\/a>\n\n\n\n\t\t<\/div>\n\t\t\t\t\t<\/div>\n\n\t\n\n\t<div id=\"col-1790013900\" class=\"col medium-6 small-12 large-6\"  >\n\t\t\t\t<div class=\"col-inner box-shadow-2 box-shadow-5-hover\" style=\"background-color:rgb(255, 255, 255);\" >\n\t\t\t\n\t\t\t\n\n\t<div class=\"img has-hover x md-x lg-x y md-y lg-y\" id=\"image_420333717\">\n\t\t\t\t\t\t\t\t<div class=\"img-inner dark\" >\n\t\t\t<img loading=\"lazy\" decoding=\"async\" width=\"511\" height=\"508\" src=\"https:\/\/fashionlook.com.br\/protese-capilar\/wp-content\/uploads\/2025\/10\/manutencao-de-protese-capilar-rj.jpg\" class=\"attachment-large size-large\" alt=\"\" srcset=\"https:\/\/fashionlook.com.br\/protese-capilar\/wp-content\/uploads\/2025\/10\/manutencao-de-protese-capilar-rj.jpg 511w, https:\/\/fashionlook.com.br\/protese-capilar\/wp-content\/uploads\/2025\/10\/manutencao-de-protese-capilar-rj-402x400.jpg 402w, https:\/\/fashionlook.com.br\/protese-capilar\/wp-content\/uploads\/2025\/10\/manutencao-de-protese-capilar-rj-100x100.jpg 100w\" sizes=\"auto, (max-width: 511px) 100vw, 511px\" \/>\t\t\t\t\t\t\n\t\t\t\t\t<\/div>\n\t\t\t\t\t\t\t\t\n<style>\n#image_420333717 {\n  width: 100%;\n}\n<\/style>\n\t<\/div>\n\t\n\n\n\t\t<\/div>\n\t\t\t\t\n<style>\n#col-1790013900 > .col-inner {\n  padding: 15px 15px 15px 15px;\n}\n<\/style>\n\t<\/div>\n\n\t\n\n<\/div>\n\n\t\t<\/div>\n\n\t\t\n<style>\n#section_1164486422 {\n  padding-top: 59px;\n  padding-bottom: 59px;\n  min-height: 300px;\n  background-color: rgb(228, 228, 228);\n}\n<\/style>\n\t<\/section>\n\t\n\n","protected":false},"excerpt":{"rendered":"","protected":false},"author":1,"featured_media":0,"parent":0,"menu_order":0,"comment_status":"closed","ping_status":"closed","template":"","meta":{"_joinchat":[],"footnotes":""},"class_list":["post-323","page","type-page","status-publish","hentry"],"_links":{"self":[{"href":"https:\/\/fashionlook.com.br\/protese-capilar\/wp-json\/wp\/v2\/pages\/323","targetHints":{"allow":["GET"]}}],"collection":[{"href":"https:\/\/fashionlook.com.br\/protese-capilar\/wp-json\/wp\/v2\/pages"}],"about":[{"href":"https:\/\/fashionlook.com.br\/protese-capilar\/wp-json\/wp\/v2\/types\/page"}],"author":[{"embeddable":true,"href":"https:\/\/fashionlook.com.br\/protese-capilar\/wp-json\/wp\/v2\/users\/1"}],"replies":[{"embeddable":true,"href":"https:\/\/fashionlook.com.br\/protese-capilar\/wp-json\/wp\/v2\/comments?post=323"}],"version-history":[{"count":22,"href":"https:\/\/fashionlook.com.br\/protese-capilar\/wp-json\/wp\/v2\/pages\/323\/revisions"}],"predecessor-version":[{"id":593,"href":"https:\/\/fashionlook.com.br\/protese-capilar\/wp-json\/wp\/v2\/pages\/323\/revisions\/593"}],"wp:attachment":[{"href":"https:\/\/fashionlook.com.br\/protese-capilar\/wp-json\/wp\/v2\/media?parent=323"}],"curies":[{"name":"wp","href":"https:\/\/api.w.org\/{rel}","templated":true}]}}